{"id":23235,"date":"2020-03-13T18:50:26","date_gmt":"2020-03-13T17:50:26","guid":{"rendered":"https:\/\/www.senzani.com\/news\/"},"modified":"2023-04-05T18:21:07","modified_gmt":"2023-04-05T16:21:07","slug":"noticias","status":"publish","type":"page","link":"https:\/\/www.senzani.com\/es\/noticias\/","title":{"rendered":"Noticias"},"content":{"rendered":"<div class=\"wpb-content-wrapper\"><p>[vc_row section_type=\u00bbfullwidth\u00bb bg_type=\u00bbgradient\u00bb bg_gradient_color_1=\u00bb#36cfec\u00bb bg_gradient_color_2=\u00bb#29b7e0&#8243; bg_gradient_direction=\u00bb45&#8243; margin_bottom=\u00bb40px\u00bb][vc_column][vc_custom_heading text=\u00bbNoticias y citas imperdibles\u00bb font_container=\u00bbtag:h1|text_align:center\u00bb use_theme_fonts=\u00bbyes\u00bb css_animation=\u00bbfadeInDown\u00bb el_id=\u00bbtitle_soluzioni\u00bb][\/vc_column][\/vc_row][vc_row equal_column_height=\u00bbequal-column\u00bb section_id=\u00bbblog_page\u00bb][vc_column]\t\t<div class=\"grve-element grve-blog grve-blog-columns grve-blog-masonry grve-isotope grve-with-gap grve-with-shadow\" style=\"\" data-columns=\"3\" data-columns-large-screen=\"3\" data-columns-tablet-landscape=\"2\" data-columns-tablet-portrait=\"2\" data-columns-mobile=\"1\" data-layout=\"masonry\" data-spinner=\"yes\" data-gutter-size=\"40\">\r\n\t\t\t<div class=\"grve-isotope-container\">\r\n\t\t\t<article class=\"grve-blog-item grve-isotope-item post-28300 post type-post status-publish format-standard has-post-thumbnail hentry category-news\" itemscope itemType=\"http:\/\/schema.org\/BlogPosting\">\r\n\t\t\t\t<div class=\"grve-blog-item-inner grve-isotope-item-inner\">\r\n\t\t\t\t\t\t\t\t\t\t\t\t\t<div class=\"grve-media\">\r\n\t\t\t<a class=\"grve-item-url\" href=\"https:\/\/www.senzani.com\/es\/carnex-elige-estuchadora-senzani\/\" aria-label=\"Carnex potencia su producci\u00f3n volviendo a elegir las estuchadoras Senzani\"><\/a>\r\n\t\t\t<img loading=\"lazy\" decoding=\"async\" width=\"300\" height=\"200\" src=\"https:\/\/www.senzani.com\/wp-content\/uploads\/2025\/11\/news-sito-carnex-SENZANI-Nov25-v1-300x200.jpg\" class=\"attachment-medium size-medium wp-post-image\" alt=\"\" srcset=\"https:\/\/www.senzani.com\/wp-content\/uploads\/2025\/11\/news-sito-carnex-SENZANI-Nov25-v1-300x200.jpg 300w, https:\/\/www.senzani.com\/wp-content\/uploads\/2025\/11\/news-sito-carnex-SENZANI-Nov25-v1.jpg 768w\" sizes=\"auto, (max-width: 300px) 100vw, 300px\" \/>\t\t\t<div class=\"grve-bg-black grve-hover-overlay grve-opacity-10\"><\/div>\r\n\t\t<\/div>\r\n\t\t\t\t\t\t<div class=\"grve-post-content-wrapper\">\r\n\t\t\t\t\t\t\t<div class=\"grve-post-content\">\r\n\t\t\t\t\t\t\t\t<div class=\"grve-post-header\">\r\n\t\t\t\t\t\t\t\t\t\t\t\t\t\t\t\t\t\t\t\t<span class=\"grve-hidden\">\r\n\t\t\t<span class=\"grve-structured-data entry-title\">Carnex potencia su producci\u00f3n volviendo a elegir las estuchadoras Senzani<\/span>\r\n\t\t\t<span class=\"grve-structured-data\" itemprop=\"image\" itemscope itemtype=\"http:\/\/schema.org\/ImageObject\">\r\n\t\t\t   <span itemprop='url' >https:\/\/www.senzani.com\/wp-content\/uploads\/2025\/11\/news-sito-carnex-SENZANI-Nov25-v1.jpg<\/span>\r\n\t\t\t   <span itemprop='height' >768<\/span>\r\n\t\t\t   <span itemprop='width' >511<\/span>\r\n\t\t\t<\/span>\r\n\t\t\t\t\t\t<span class=\"grve-structured-data vcard author\" itemprop=\"author\" itemscope itemtype=\"http:\/\/schema.org\/Person\">\r\n\t\t\t\t<span itemprop=\"name\" class=\"fn\">Senzani Brevetti S.p.A.<\/span>\r\n\t\t\t<\/span>\r\n\t\t\t<span class=\"grve-structured-data\" itemprop=\"publisher\" itemscope itemtype=\"http:\/\/schema.org\/Organization\">\r\n\t\t\t\t<span itemprop='name'>Senzani Brevetti S.p.A.<\/span>\r\n\t\t\t\t<span itemprop='logo' itemscope itemtype='http:\/\/schema.org\/ImageObject'>\r\n\t\t\t\t\t<span itemprop='url'>\/\/www.senzani.com\/wp-content\/uploads\/2024\/01\/logo-senzani_r.png<\/span>\r\n\t\t\t\t<\/span>\r\n\t\t\t<\/span>\r\n\t\t\t\t\t\t<time class=\"grve-structured-data date published\" itemprop=\"datePublished\" datetime=\"2025-11-26T17:55:19+01:00\">26 de noviembre de 2025<\/time>\r\n\t\t\t<time class=\"grve-structured-data date updated\" itemprop=\"dateModified\"  datetime=\"2025-12-03T16:03:18+01:00\">3 de diciembre de 2025<\/time>\r\n\t\t\t<span class=\"grve-structured-data\" itemprop=\"mainEntityOfPage\" itemscope itemtype=\"http:\/\/schema.org\/WebPage\" itemid=\"https:\/\/www.senzani.com\/es\/carnex-elige-estuchadora-senzani\/\"><\/span>\r\n\t\t<\/span>\r\n\t\t\t\t\t\t\t\t\t\t\t\t\t\t\t\t\t\t\t\t<ul class=\"grve-post-meta\">\r\n\t\t\t\t\t\t\t\t\t\t<li class=\"grve-post-date\">\t<time class=\"\" datetime=\"2025-11-26T17:55:19+01:00\">\r\n\t\t26 de noviembre de 2025\t<\/time>\r\n<\/li>\t\t\t\t\t\t\t\t\t\t<\/ul>\r\n\t\t\t\t\t\t\t\t\t\t\t\t\t\t\t\t\t\t\t\t\t\t\t\t\t\t\t<a href=\"https:\/\/www.senzani.com\/es\/carnex-elige-estuchadora-senzani\/\" rel=\"bookmark\"><h2 class=\"grve-post-title grve-post-title-hover grve-h3\" itemprop=\"headline\">Carnex potencia su producci\u00f3n volviendo a elegir las estuchadoras Senzani<\/h2><\/a>\t\t\t\t\t\t\t\t<\/div>\r\n\t\t\t\t\t\t\t\t<div itemprop=\"articleBody\"><p>Presentar los productos de manera impecable en los puntos de venta, garantizando al mismo tiempo un transporte seguro, es una&hellip;<\/p><a class=\"grve-read-more grve-link-text grve-heading-color grve-text-hover-primary-1\" href=\"https:\/\/www.senzani.com\/es\/carnex-elige-estuchadora-senzani\/\"><span>leer m\u00e1s<\/span><\/a><\/div>\t\t\t\t\t\t\t<\/div>\r\n\t\t\t\t\t\t<\/div>\r\n\t\t\t\t\t\r\n\t\t\t\t<\/div>\t\t\t<\/article>\r\n\r\n\t\t\t<article class=\"grve-blog-item grve-isotope-item post-28210 post type-post status-publish format-standard has-post-thumbnail hentry category-news\" itemscope itemType=\"http:\/\/schema.org\/BlogPosting\">\r\n\t\t\t\t<div class=\"grve-blog-item-inner grve-isotope-item-inner\">\r\n\t\t\t\t\t\t\t\t\t\t\t\t\t<div class=\"grve-media\">\r\n\t\t\t<a class=\"grve-item-url\" href=\"https:\/\/www.senzani.com\/es\/reconocimiento-luisa-senzani-quirinal\/\" aria-label=\"Luisa Quadalti Senzani recibe el t\u00edtulo de \u00abCavaliere del Lavoro\u00bb por parte del presidente de la Rep\u00fablica Italiana, Sergio Mattarella\"><\/a>\r\n\t\t\t<img loading=\"lazy\" decoding=\"async\" width=\"300\" height=\"200\" src=\"https:\/\/www.senzani.com\/wp-content\/uploads\/2025\/10\/92737-300x200.jpg\" class=\"attachment-medium size-medium wp-post-image\" alt=\"\" srcset=\"https:\/\/www.senzani.com\/wp-content\/uploads\/2025\/10\/92737-300x200.jpg 300w, https:\/\/www.senzani.com\/wp-content\/uploads\/2025\/10\/92737-1024x683.jpg 1024w, https:\/\/www.senzani.com\/wp-content\/uploads\/2025\/10\/92737-768x512.jpg 768w, https:\/\/www.senzani.com\/wp-content\/uploads\/2025\/10\/92737.jpg 1434w\" sizes=\"auto, (max-width: 300px) 100vw, 300px\" \/>\t\t\t<div class=\"grve-bg-black grve-hover-overlay grve-opacity-10\"><\/div>\r\n\t\t<\/div>\r\n\t\t\t\t\t\t<div class=\"grve-post-content-wrapper\">\r\n\t\t\t\t\t\t\t<div class=\"grve-post-content\">\r\n\t\t\t\t\t\t\t\t<div class=\"grve-post-header\">\r\n\t\t\t\t\t\t\t\t\t\t\t\t\t\t\t\t\t\t\t\t<span class=\"grve-hidden\">\r\n\t\t\t<span class=\"grve-structured-data entry-title\">Luisa Quadalti Senzani recibe el t\u00edtulo de \u00abCavaliere del Lavoro\u00bb por parte del presidente de la Rep\u00fablica Italiana, Sergio Mattarella<\/span>\r\n\t\t\t<span class=\"grve-structured-data\" itemprop=\"image\" itemscope itemtype=\"http:\/\/schema.org\/ImageObject\">\r\n\t\t\t   <span itemprop='url' >https:\/\/www.senzani.com\/wp-content\/uploads\/2025\/10\/92737.jpg<\/span>\r\n\t\t\t   <span itemprop='height' >1434<\/span>\r\n\t\t\t   <span itemprop='width' >956<\/span>\r\n\t\t\t<\/span>\r\n\t\t\t\t\t\t<span class=\"grve-structured-data vcard author\" itemprop=\"author\" itemscope itemtype=\"http:\/\/schema.org\/Person\">\r\n\t\t\t\t<span itemprop=\"name\" class=\"fn\">Senzani Brevetti S.p.A.<\/span>\r\n\t\t\t<\/span>\r\n\t\t\t<span class=\"grve-structured-data\" itemprop=\"publisher\" itemscope itemtype=\"http:\/\/schema.org\/Organization\">\r\n\t\t\t\t<span itemprop='name'>Senzani Brevetti S.p.A.<\/span>\r\n\t\t\t\t<span itemprop='logo' itemscope itemtype='http:\/\/schema.org\/ImageObject'>\r\n\t\t\t\t\t<span itemprop='url'>\/\/www.senzani.com\/wp-content\/uploads\/2024\/01\/logo-senzani_r.png<\/span>\r\n\t\t\t\t<\/span>\r\n\t\t\t<\/span>\r\n\t\t\t\t\t\t<time class=\"grve-structured-data date published\" itemprop=\"datePublished\" datetime=\"2025-10-28T14:36:42+01:00\">28 de octubre de 2025<\/time>\r\n\t\t\t<time class=\"grve-structured-data date updated\" itemprop=\"dateModified\"  datetime=\"2025-12-10T15:18:24+01:00\">10 de diciembre de 2025<\/time>\r\n\t\t\t<span class=\"grve-structured-data\" itemprop=\"mainEntityOfPage\" itemscope itemtype=\"http:\/\/schema.org\/WebPage\" itemid=\"https:\/\/www.senzani.com\/es\/reconocimiento-luisa-senzani-quirinal\/\"><\/span>\r\n\t\t<\/span>\r\n\t\t\t\t\t\t\t\t\t\t\t\t\t\t\t\t\t\t\t\t<ul class=\"grve-post-meta\">\r\n\t\t\t\t\t\t\t\t\t\t<li class=\"grve-post-date\">\t<time class=\"\" datetime=\"2025-10-28T14:36:42+01:00\">\r\n\t\t28 de octubre de 2025\t<\/time>\r\n<\/li>\t\t\t\t\t\t\t\t\t\t<\/ul>\r\n\t\t\t\t\t\t\t\t\t\t\t\t\t\t\t\t\t\t\t\t\t\t\t\t\t\t\t<a href=\"https:\/\/www.senzani.com\/es\/reconocimiento-luisa-senzani-quirinal\/\" rel=\"bookmark\"><h2 class=\"grve-post-title grve-post-title-hover grve-h3\" itemprop=\"headline\">Luisa Quadalti Senzani recibe el t\u00edtulo de \u00abCavaliere del Lavoro\u00bb por parte del presidente de la Rep\u00fablica Italiana, Sergio Mattarella<\/h2><\/a>\t\t\t\t\t\t\t\t<\/div>\r\n\t\t\t\t\t\t\t\t<div itemprop=\"articleBody\"><p>Fue un momento de gran emoci\u00f3n e intensidad el vivido durante la ceremonia en el Palacio del Quirinal, cuando el&hellip;<\/p><a class=\"grve-read-more grve-link-text grve-heading-color grve-text-hover-primary-1\" href=\"https:\/\/www.senzani.com\/es\/reconocimiento-luisa-senzani-quirinal\/\"><span>leer m\u00e1s<\/span><\/a><\/div>\t\t\t\t\t\t\t<\/div>\r\n\t\t\t\t\t\t<\/div>\r\n\t\t\t\t\t\r\n\t\t\t\t<\/div>\t\t\t<\/article>\r\n\r\n\t\t\t<article class=\"grve-blog-item grve-isotope-item post-28255 post type-post status-publish format-standard has-post-thumbnail hentry category-news\" itemscope itemType=\"http:\/\/schema.org\/BlogPosting\">\r\n\t\t\t\t<div class=\"grve-blog-item-inner grve-isotope-item-inner\">\r\n\t\t\t\t\t\t\t\t\t\t\t\t\t<div class=\"grve-media\">\r\n\t\t\t<a class=\"grve-item-url\" href=\"https:\/\/www.senzani.com\/es\/useal-gana-pack-expo-technology-excellence-awards\/\" aria-label=\"U-Seal gana el primer premio en los Technology Excellence Awards\"><\/a>\r\n\t\t\t<img loading=\"lazy\" decoding=\"async\" width=\"269\" height=\"300\" src=\"https:\/\/www.senzani.com\/wp-content\/uploads\/2025\/10\/WhatsApp-Image-2025-10-22-at-08.05.10-269x300.jpeg\" class=\"attachment-medium size-medium wp-post-image\" alt=\"\" srcset=\"https:\/\/www.senzani.com\/wp-content\/uploads\/2025\/10\/WhatsApp-Image-2025-10-22-at-08.05.10-269x300.jpeg 269w, https:\/\/www.senzani.com\/wp-content\/uploads\/2025\/10\/WhatsApp-Image-2025-10-22-at-08.05.10-918x1024.jpeg 918w, https:\/\/www.senzani.com\/wp-content\/uploads\/2025\/10\/WhatsApp-Image-2025-10-22-at-08.05.10-768x857.jpeg 768w, https:\/\/www.senzani.com\/wp-content\/uploads\/2025\/10\/WhatsApp-Image-2025-10-22-at-08.05.10-1377x1536.jpeg 1377w, https:\/\/www.senzani.com\/wp-content\/uploads\/2025\/10\/WhatsApp-Image-2025-10-22-at-08.05.10-1836x2048.jpeg 1836w, https:\/\/www.senzani.com\/wp-content\/uploads\/2025\/10\/WhatsApp-Image-2025-10-22-at-08.05.10-1721x1920.jpeg 1721w\" sizes=\"auto, (max-width: 269px) 100vw, 269px\" \/>\t\t\t<div class=\"grve-bg-black grve-hover-overlay grve-opacity-10\"><\/div>\r\n\t\t<\/div>\r\n\t\t\t\t\t\t<div class=\"grve-post-content-wrapper\">\r\n\t\t\t\t\t\t\t<div class=\"grve-post-content\">\r\n\t\t\t\t\t\t\t\t<div class=\"grve-post-header\">\r\n\t\t\t\t\t\t\t\t\t\t\t\t\t\t\t\t\t\t\t\t<span class=\"grve-hidden\">\r\n\t\t\t<span class=\"grve-structured-data entry-title\">U-Seal gana el primer premio en los Technology Excellence Awards<\/span>\r\n\t\t\t<span class=\"grve-structured-data\" itemprop=\"image\" itemscope itemtype=\"http:\/\/schema.org\/ImageObject\">\r\n\t\t\t   <span itemprop='url' >https:\/\/www.senzani.com\/wp-content\/uploads\/2025\/10\/WhatsApp-Image-2025-10-22-at-08.05.10-scaled.jpeg<\/span>\r\n\t\t\t   <span itemprop='height' >2295<\/span>\r\n\t\t\t   <span itemprop='width' >2560<\/span>\r\n\t\t\t<\/span>\r\n\t\t\t\t\t\t<span class=\"grve-structured-data vcard author\" itemprop=\"author\" itemscope itemtype=\"http:\/\/schema.org\/Person\">\r\n\t\t\t\t<span itemprop=\"name\" class=\"fn\">Senzani Brevetti S.p.A.<\/span>\r\n\t\t\t<\/span>\r\n\t\t\t<span class=\"grve-structured-data\" itemprop=\"publisher\" itemscope itemtype=\"http:\/\/schema.org\/Organization\">\r\n\t\t\t\t<span itemprop='name'>Senzani Brevetti S.p.A.<\/span>\r\n\t\t\t\t<span itemprop='logo' itemscope itemtype='http:\/\/schema.org\/ImageObject'>\r\n\t\t\t\t\t<span itemprop='url'>\/\/www.senzani.com\/wp-content\/uploads\/2024\/01\/logo-senzani_r.png<\/span>\r\n\t\t\t\t<\/span>\r\n\t\t\t<\/span>\r\n\t\t\t\t\t\t<time class=\"grve-structured-data date published\" itemprop=\"datePublished\" datetime=\"2025-10-22T12:32:51+02:00\">22 de octubre de 2025<\/time>\r\n\t\t\t<time class=\"grve-structured-data date updated\" itemprop=\"dateModified\"  datetime=\"2025-12-03T15:37:32+01:00\">3 de diciembre de 2025<\/time>\r\n\t\t\t<span class=\"grve-structured-data\" itemprop=\"mainEntityOfPage\" itemscope itemtype=\"http:\/\/schema.org\/WebPage\" itemid=\"https:\/\/www.senzani.com\/es\/useal-gana-pack-expo-technology-excellence-awards\/\"><\/span>\r\n\t\t<\/span>\r\n\t\t\t\t\t\t\t\t\t\t\t\t\t\t\t\t\t\t\t\t<ul class=\"grve-post-meta\">\r\n\t\t\t\t\t\t\t\t\t\t<li class=\"grve-post-date\">\t<time class=\"\" datetime=\"2025-10-22T12:32:51+02:00\">\r\n\t\t22 de octubre de 2025\t<\/time>\r\n<\/li>\t\t\t\t\t\t\t\t\t\t<\/ul>\r\n\t\t\t\t\t\t\t\t\t\t\t\t\t\t\t\t\t\t\t\t\t\t\t\t\t\t\t<a href=\"https:\/\/www.senzani.com\/es\/useal-gana-pack-expo-technology-excellence-awards\/\" rel=\"bookmark\"><h2 class=\"grve-post-title grve-post-title-hover grve-h3\" itemprop=\"headline\">U-Seal gana el primer premio en los Technology Excellence Awards<\/h2><\/a>\t\t\t\t\t\t\t\t<\/div>\r\n\t\t\t\t\t\t\t\t<div itemprop=\"articleBody\"><p>Apenas unos meses despu\u00e9s de su lanzamiento y de su estreno en el mercado estadounidense, U-Seal ha ganado el primer&hellip;<\/p><a class=\"grve-read-more grve-link-text grve-heading-color grve-text-hover-primary-1\" href=\"https:\/\/www.senzani.com\/es\/useal-gana-pack-expo-technology-excellence-awards\/\"><span>leer m\u00e1s<\/span><\/a><\/div>\t\t\t\t\t\t\t<\/div>\r\n\t\t\t\t\t\t<\/div>\r\n\t\t\t\t\t\r\n\t\t\t\t<\/div>\t\t\t<\/article>\r\n\r\n\t\t\t<article class=\"grve-blog-item grve-isotope-item post-27721 post type-post status-publish format-standard has-post-thumbnail hentry category-news\" itemscope itemType=\"http:\/\/schema.org\/BlogPosting\">\r\n\t\t\t\t<div class=\"grve-blog-item-inner grve-isotope-item-inner\">\r\n\t\t\t\t\t\t\t\t\t\t\t\t\t<div class=\"grve-media\">\r\n\t\t\t<a class=\"grve-item-url\" href=\"https:\/\/www.senzani.com\/es\/u-seal\/\" aria-label=\"Senzani lanza U-Seal, la nueva tecnolog\u00eda patentada para crear envases de cart\u00f3n perfectamente sellados y con formas \u00fanicas\"><\/a>\r\n\t\t\t<img loading=\"lazy\" decoding=\"async\" width=\"300\" height=\"226\" src=\"https:\/\/www.senzani.com\/wp-content\/uploads\/2025\/06\/immagine-news-sito-U-Seal-SENZANI-Giu25-v1-300x226.jpg\" class=\"attachment-medium size-medium wp-post-image\" alt=\"\" srcset=\"https:\/\/www.senzani.com\/wp-content\/uploads\/2025\/06\/immagine-news-sito-U-Seal-SENZANI-Giu25-v1-300x226.jpg 300w, https:\/\/www.senzani.com\/wp-content\/uploads\/2025\/06\/immagine-news-sito-U-Seal-SENZANI-Giu25-v1-768x578.jpg 768w, https:\/\/www.senzani.com\/wp-content\/uploads\/2025\/06\/immagine-news-sito-U-Seal-SENZANI-Giu25-v1-560x420.jpg 560w, https:\/\/www.senzani.com\/wp-content\/uploads\/2025\/06\/immagine-news-sito-U-Seal-SENZANI-Giu25-v1.jpg 770w\" sizes=\"auto, (max-width: 300px) 100vw, 300px\" \/>\t\t\t<div class=\"grve-bg-black grve-hover-overlay grve-opacity-10\"><\/div>\r\n\t\t<\/div>\r\n\t\t\t\t\t\t<div class=\"grve-post-content-wrapper\">\r\n\t\t\t\t\t\t\t<div class=\"grve-post-content\">\r\n\t\t\t\t\t\t\t\t<div class=\"grve-post-header\">\r\n\t\t\t\t\t\t\t\t\t\t\t\t\t\t\t\t\t\t\t\t<span class=\"grve-hidden\">\r\n\t\t\t<span class=\"grve-structured-data entry-title\">Senzani lanza U-Seal, la nueva tecnolog\u00eda patentada para crear envases de cart\u00f3n perfectamente sellados y con formas \u00fanicas<\/span>\r\n\t\t\t<span class=\"grve-structured-data\" itemprop=\"image\" itemscope itemtype=\"http:\/\/schema.org\/ImageObject\">\r\n\t\t\t   <span itemprop='url' >https:\/\/www.senzani.com\/wp-content\/uploads\/2025\/06\/immagine-news-sito-U-Seal-SENZANI-Giu25-v1.jpg<\/span>\r\n\t\t\t   <span itemprop='height' >770<\/span>\r\n\t\t\t   <span itemprop='width' >580<\/span>\r\n\t\t\t<\/span>\r\n\t\t\t\t\t\t<span class=\"grve-structured-data vcard author\" itemprop=\"author\" itemscope itemtype=\"http:\/\/schema.org\/Person\">\r\n\t\t\t\t<span itemprop=\"name\" class=\"fn\">Senzani Brevetti S.p.A.<\/span>\r\n\t\t\t<\/span>\r\n\t\t\t<span class=\"grve-structured-data\" itemprop=\"publisher\" itemscope itemtype=\"http:\/\/schema.org\/Organization\">\r\n\t\t\t\t<span itemprop='name'>Senzani Brevetti S.p.A.<\/span>\r\n\t\t\t\t<span itemprop='logo' itemscope itemtype='http:\/\/schema.org\/ImageObject'>\r\n\t\t\t\t\t<span itemprop='url'>\/\/www.senzani.com\/wp-content\/uploads\/2024\/01\/logo-senzani_r.png<\/span>\r\n\t\t\t\t<\/span>\r\n\t\t\t<\/span>\r\n\t\t\t\t\t\t<time class=\"grve-structured-data date published\" itemprop=\"datePublished\" datetime=\"2025-06-10T10:25:30+02:00\">10 de junio de 2025<\/time>\r\n\t\t\t<time class=\"grve-structured-data date updated\" itemprop=\"dateModified\"  datetime=\"2025-09-17T15:22:01+02:00\">17 de septiembre de 2025<\/time>\r\n\t\t\t<span class=\"grve-structured-data\" itemprop=\"mainEntityOfPage\" itemscope itemtype=\"http:\/\/schema.org\/WebPage\" itemid=\"https:\/\/www.senzani.com\/es\/u-seal\/\"><\/span>\r\n\t\t<\/span>\r\n\t\t\t\t\t\t\t\t\t\t\t\t\t\t\t\t\t\t\t\t<ul class=\"grve-post-meta\">\r\n\t\t\t\t\t\t\t\t\t\t<li class=\"grve-post-date\">\t<time class=\"\" datetime=\"2025-06-10T10:25:30+02:00\">\r\n\t\t10 de junio de 2025\t<\/time>\r\n<\/li>\t\t\t\t\t\t\t\t\t\t<\/ul>\r\n\t\t\t\t\t\t\t\t\t\t\t\t\t\t\t\t\t\t\t\t\t\t\t\t\t\t\t<a href=\"https:\/\/www.senzani.com\/es\/u-seal\/\" rel=\"bookmark\"><h2 class=\"grve-post-title grve-post-title-hover grve-h3\" itemprop=\"headline\">Senzani lanza U-Seal, la nueva tecnolog\u00eda patentada para crear envases de cart\u00f3n perfectamente sellados y con formas \u00fanicas<\/h2><\/a>\t\t\t\t\t\t\t\t<\/div>\r\n\t\t\t\t\t\t\t\t<div itemprop=\"articleBody\"><p>Senzani Brevetti contin\u00faa su camino de crecimiento e innovaci\u00f3n presentando oficialmente en la feria IPACK-IMA su \u00faltima novedad:\u00a0U-Seal, una soluci\u00f3n&hellip;<\/p><a class=\"grve-read-more grve-link-text grve-heading-color grve-text-hover-primary-1\" href=\"https:\/\/www.senzani.com\/es\/u-seal\/\"><span>leer m\u00e1s<\/span><\/a><\/div>\t\t\t\t\t\t\t<\/div>\r\n\t\t\t\t\t\t<\/div>\r\n\t\t\t\t\t\r\n\t\t\t\t<\/div>\t\t\t<\/article>\r\n\r\n\t\t\t<article class=\"grve-blog-item grve-isotope-item post-27896 post type-post status-publish format-standard has-post-thumbnail hentry category-news\" itemscope itemType=\"http:\/\/schema.org\/BlogPosting\">\r\n\t\t\t\t<div class=\"grve-blog-item-inner grve-isotope-item-inner\">\r\n\t\t\t\t\t\t\t\t\t\t\t\t\t<div class=\"grve-media\">\r\n\t\t\t<a class=\"grve-item-url\" href=\"https:\/\/www.senzani.com\/es\/luisa-senzani-cavaliere-lavoro\/\" aria-label=\"Luisa Quadalti Senzani es \u00abCavaliere del Lavoro\u00bb\"><\/a>\r\n\t\t\t<img loading=\"lazy\" decoding=\"async\" width=\"300\" height=\"200\" src=\"https:\/\/www.senzani.com\/wp-content\/uploads\/2025\/06\/S.G.-2025-06-06-02846-ritoccata-ok-300x200.jpg\" class=\"attachment-medium size-medium wp-post-image\" alt=\"\" srcset=\"https:\/\/www.senzani.com\/wp-content\/uploads\/2025\/06\/S.G.-2025-06-06-02846-ritoccata-ok-300x200.jpg 300w, https:\/\/www.senzani.com\/wp-content\/uploads\/2025\/06\/S.G.-2025-06-06-02846-ritoccata-ok-1024x683.jpg 1024w, https:\/\/www.senzani.com\/wp-content\/uploads\/2025\/06\/S.G.-2025-06-06-02846-ritoccata-ok-768x512.jpg 768w, https:\/\/www.senzani.com\/wp-content\/uploads\/2025\/06\/S.G.-2025-06-06-02846-ritoccata-ok-1536x1024.jpg 1536w, https:\/\/www.senzani.com\/wp-content\/uploads\/2025\/06\/S.G.-2025-06-06-02846-ritoccata-ok-1920x1280.jpg 1920w\" sizes=\"auto, (max-width: 300px) 100vw, 300px\" \/>\t\t\t<div class=\"grve-bg-black grve-hover-overlay grve-opacity-10\"><\/div>\r\n\t\t<\/div>\r\n\t\t\t\t\t\t<div class=\"grve-post-content-wrapper\">\r\n\t\t\t\t\t\t\t<div class=\"grve-post-content\">\r\n\t\t\t\t\t\t\t\t<div class=\"grve-post-header\">\r\n\t\t\t\t\t\t\t\t\t\t\t\t\t\t\t\t\t\t\t\t<span class=\"grve-hidden\">\r\n\t\t\t<span class=\"grve-structured-data entry-title\">Luisa Quadalti Senzani es \u00abCavaliere del Lavoro\u00bb<\/span>\r\n\t\t\t<span class=\"grve-structured-data\" itemprop=\"image\" itemscope itemtype=\"http:\/\/schema.org\/ImageObject\">\r\n\t\t\t   <span itemprop='url' >https:\/\/www.senzani.com\/wp-content\/uploads\/2025\/06\/S.G.-2025-06-06-02846-ritoccata-ok-scaled.jpg<\/span>\r\n\t\t\t   <span itemprop='height' >2560<\/span>\r\n\t\t\t   <span itemprop='width' >1707<\/span>\r\n\t\t\t<\/span>\r\n\t\t\t\t\t\t<span class=\"grve-structured-data vcard author\" itemprop=\"author\" itemscope itemtype=\"http:\/\/schema.org\/Person\">\r\n\t\t\t\t<span itemprop=\"name\" class=\"fn\">Senzani Brevetti S.p.A.<\/span>\r\n\t\t\t<\/span>\r\n\t\t\t<span class=\"grve-structured-data\" itemprop=\"publisher\" itemscope itemtype=\"http:\/\/schema.org\/Organization\">\r\n\t\t\t\t<span itemprop='name'>Senzani Brevetti S.p.A.<\/span>\r\n\t\t\t\t<span itemprop='logo' itemscope itemtype='http:\/\/schema.org\/ImageObject'>\r\n\t\t\t\t\t<span itemprop='url'>\/\/www.senzani.com\/wp-content\/uploads\/2024\/01\/logo-senzani_r.png<\/span>\r\n\t\t\t\t<\/span>\r\n\t\t\t<\/span>\r\n\t\t\t\t\t\t<time class=\"grve-structured-data date published\" itemprop=\"datePublished\" datetime=\"2025-06-09T17:03:18+02:00\">9 de junio de 2025<\/time>\r\n\t\t\t<time class=\"grve-structured-data date updated\" itemprop=\"dateModified\"  datetime=\"2025-06-20T09:57:35+02:00\">20 de junio de 2025<\/time>\r\n\t\t\t<span class=\"grve-structured-data\" itemprop=\"mainEntityOfPage\" itemscope itemtype=\"http:\/\/schema.org\/WebPage\" itemid=\"https:\/\/www.senzani.com\/es\/luisa-senzani-cavaliere-lavoro\/\"><\/span>\r\n\t\t<\/span>\r\n\t\t\t\t\t\t\t\t\t\t\t\t\t\t\t\t\t\t\t\t<ul class=\"grve-post-meta\">\r\n\t\t\t\t\t\t\t\t\t\t<li class=\"grve-post-date\">\t<time class=\"\" datetime=\"2025-06-09T17:03:18+02:00\">\r\n\t\t9 de junio de 2025\t<\/time>\r\n<\/li>\t\t\t\t\t\t\t\t\t\t<\/ul>\r\n\t\t\t\t\t\t\t\t\t\t\t\t\t\t\t\t\t\t\t\t\t\t\t\t\t\t\t<a href=\"https:\/\/www.senzani.com\/es\/luisa-senzani-cavaliere-lavoro\/\" rel=\"bookmark\"><h2 class=\"grve-post-title grve-post-title-hover grve-h3\" itemprop=\"headline\">Luisa Quadalti Senzani es \u00abCavaliere del Lavoro\u00bb<\/h2><\/a>\t\t\t\t\t\t\t\t<\/div>\r\n\t\t\t\t\t\t\t\t<div itemprop=\"articleBody\"><p>Una familia de emprendedores, innovadores y\u2026 Cavalieri del Lavoro (\u00abCaballeros del Trabajo\u00bb). Despu\u00e9s de Iro Senzani, fundador de Senzani Brevetti,&hellip;<\/p><a class=\"grve-read-more grve-link-text grve-heading-color grve-text-hover-primary-1\" href=\"https:\/\/www.senzani.com\/es\/luisa-senzani-cavaliere-lavoro\/\"><span>leer m\u00e1s<\/span><\/a><\/div>\t\t\t\t\t\t\t<\/div>\r\n\t\t\t\t\t\t<\/div>\r\n\t\t\t\t\t\r\n\t\t\t\t<\/div>\t\t\t<\/article>\r\n\r\n\t\t\t<article class=\"grve-blog-item grve-isotope-item post-27560 post type-post status-publish format-standard has-post-thumbnail hentry category-news\" itemscope itemType=\"http:\/\/schema.org\/BlogPosting\">\r\n\t\t\t\t<div class=\"grve-blog-item-inner grve-isotope-item-inner\">\r\n\t\t\t\t\t\t\t\t\t\t\t\t\t<div class=\"grve-media\">\r\n\t\t\t<a class=\"grve-item-url\" href=\"https:\/\/www.senzani.com\/es\/ipack-ima-2025\/\" aria-label=\"En IPACK-IMA la presentaci\u00f3n oficial de la nueva tecnolog\u00eda Senzani\"><\/a>\r\n\t\t\t<img loading=\"lazy\" decoding=\"async\" width=\"300\" height=\"225\" src=\"https:\/\/www.senzani.com\/wp-content\/uploads\/2025\/04\/immagine-news-sito-IpackIma-SENZANIO-Mar25-EN-300x225.jpg\" class=\"attachment-medium size-medium wp-post-image\" alt=\"\" srcset=\"https:\/\/www.senzani.com\/wp-content\/uploads\/2025\/04\/immagine-news-sito-IpackIma-SENZANIO-Mar25-EN-300x225.jpg 300w, https:\/\/www.senzani.com\/wp-content\/uploads\/2025\/04\/immagine-news-sito-IpackIma-SENZANIO-Mar25-EN-768x576.jpg 768w, https:\/\/www.senzani.com\/wp-content\/uploads\/2025\/04\/immagine-news-sito-IpackIma-SENZANIO-Mar25-EN-560x420.jpg 560w, https:\/\/www.senzani.com\/wp-content\/uploads\/2025\/04\/immagine-news-sito-IpackIma-SENZANIO-Mar25-EN.jpg 770w\" sizes=\"auto, (max-width: 300px) 100vw, 300px\" \/>\t\t\t<div class=\"grve-bg-black grve-hover-overlay grve-opacity-10\"><\/div>\r\n\t\t<\/div>\r\n\t\t\t\t\t\t<div class=\"grve-post-content-wrapper\">\r\n\t\t\t\t\t\t\t<div class=\"grve-post-content\">\r\n\t\t\t\t\t\t\t\t<div class=\"grve-post-header\">\r\n\t\t\t\t\t\t\t\t\t\t\t\t\t\t\t\t\t\t\t\t<span class=\"grve-hidden\">\r\n\t\t\t<span class=\"grve-structured-data entry-title\">En IPACK-IMA la presentaci\u00f3n oficial de la nueva tecnolog\u00eda Senzani<\/span>\r\n\t\t\t<span class=\"grve-structured-data\" itemprop=\"image\" itemscope itemtype=\"http:\/\/schema.org\/ImageObject\">\r\n\t\t\t   <span itemprop='url' >https:\/\/www.senzani.com\/wp-content\/uploads\/2025\/04\/immagine-news-sito-IpackIma-SENZANIO-Mar25-EN.jpg<\/span>\r\n\t\t\t   <span itemprop='height' >770<\/span>\r\n\t\t\t   <span itemprop='width' >578<\/span>\r\n\t\t\t<\/span>\r\n\t\t\t\t\t\t<span class=\"grve-structured-data vcard author\" itemprop=\"author\" itemscope itemtype=\"http:\/\/schema.org\/Person\">\r\n\t\t\t\t<span itemprop=\"name\" class=\"fn\">Senzani Brevetti S.p.A.<\/span>\r\n\t\t\t<\/span>\r\n\t\t\t<span class=\"grve-structured-data\" itemprop=\"publisher\" itemscope itemtype=\"http:\/\/schema.org\/Organization\">\r\n\t\t\t\t<span itemprop='name'>Senzani Brevetti S.p.A.<\/span>\r\n\t\t\t\t<span itemprop='logo' itemscope itemtype='http:\/\/schema.org\/ImageObject'>\r\n\t\t\t\t\t<span itemprop='url'>\/\/www.senzani.com\/wp-content\/uploads\/2024\/01\/logo-senzani_r.png<\/span>\r\n\t\t\t\t<\/span>\r\n\t\t\t<\/span>\r\n\t\t\t\t\t\t<time class=\"grve-structured-data date published\" itemprop=\"datePublished\" datetime=\"2025-04-16T12:45:11+02:00\">16 de abril de 2025<\/time>\r\n\t\t\t<time class=\"grve-structured-data date updated\" itemprop=\"dateModified\"  datetime=\"2025-07-28T10:23:53+02:00\">28 de julio de 2025<\/time>\r\n\t\t\t<span class=\"grve-structured-data\" itemprop=\"mainEntityOfPage\" itemscope itemtype=\"http:\/\/schema.org\/WebPage\" itemid=\"https:\/\/www.senzani.com\/es\/ipack-ima-2025\/\"><\/span>\r\n\t\t<\/span>\r\n\t\t\t\t\t\t\t\t\t\t\t\t\t\t\t\t\t\t\t\t<ul class=\"grve-post-meta\">\r\n\t\t\t\t\t\t\t\t\t\t<li class=\"grve-post-date\">\t<time class=\"\" datetime=\"2025-04-16T12:45:11+02:00\">\r\n\t\t16 de abril de 2025\t<\/time>\r\n<\/li>\t\t\t\t\t\t\t\t\t\t<\/ul>\r\n\t\t\t\t\t\t\t\t\t\t\t\t\t\t\t\t\t\t\t\t\t\t\t\t\t\t\t<a href=\"https:\/\/www.senzani.com\/es\/ipack-ima-2025\/\" rel=\"bookmark\"><h2 class=\"grve-post-title grve-post-title-hover grve-h3\" itemprop=\"headline\">En IPACK-IMA la presentaci\u00f3n oficial de la nueva tecnolog\u00eda Senzani<\/h2><\/a>\t\t\t\t\t\t\t\t<\/div>\r\n\t\t\t\t\t\t\t\t<div itemprop=\"articleBody\"><p>IPACK-IMA, la feria internacional de referencia para materiales y tecnolog\u00edas de envasado que se celebrar\u00e1 en Mil\u00e1n del 27 al&hellip;<\/p><a class=\"grve-read-more grve-link-text grve-heading-color grve-text-hover-primary-1\" href=\"https:\/\/www.senzani.com\/es\/ipack-ima-2025\/\"><span>leer m\u00e1s<\/span><\/a><\/div>\t\t\t\t\t\t\t<\/div>\r\n\t\t\t\t\t\t<\/div>\r\n\t\t\t\t\t\r\n\t\t\t\t<\/div>\t\t\t<\/article>\r\n\r\n\t\t\t<article class=\"grve-blog-item grve-isotope-item post-27858 post type-post status-publish format-standard has-post-thumbnail hentry category-news\" itemscope itemType=\"http:\/\/schema.org\/BlogPosting\">\r\n\t\t\t\t<div class=\"grve-blog-item-inner grve-isotope-item-inner\">\r\n\t\t\t\t\t\t\t\t\t\t\t\t\t<div class=\"grve-media\">\r\n\t\t\t<a class=\"grve-item-url\" href=\"https:\/\/www.senzani.com\/es\/pasta-packaging-andriani-2\/\" aria-label=\"Senzani partners with Andriani to provide machinery for a new facility in North America\"><\/a>\r\n\t\t\t<img loading=\"lazy\" decoding=\"async\" width=\"300\" height=\"226\" src=\"https:\/\/www.senzani.com\/wp-content\/uploads\/2025\/03\/CPWA20-Andriani-pasta-cartons-2-v2-300x226.jpg\" class=\"attachment-medium size-medium wp-post-image\" alt=\"\" srcset=\"https:\/\/www.senzani.com\/wp-content\/uploads\/2025\/03\/CPWA20-Andriani-pasta-cartons-2-v2-300x226.jpg 300w, https:\/\/www.senzani.com\/wp-content\/uploads\/2025\/03\/CPWA20-Andriani-pasta-cartons-2-v2-768x578.jpg 768w, https:\/\/www.senzani.com\/wp-content\/uploads\/2025\/03\/CPWA20-Andriani-pasta-cartons-2-v2-560x420.jpg 560w, https:\/\/www.senzani.com\/wp-content\/uploads\/2025\/03\/CPWA20-Andriani-pasta-cartons-2-v2.jpg 770w\" sizes=\"auto, (max-width: 300px) 100vw, 300px\" \/>\t\t\t<div class=\"grve-bg-black grve-hover-overlay grve-opacity-10\"><\/div>\r\n\t\t<\/div>\r\n\t\t\t\t\t\t<div class=\"grve-post-content-wrapper\">\r\n\t\t\t\t\t\t\t<div class=\"grve-post-content\">\r\n\t\t\t\t\t\t\t\t<div class=\"grve-post-header\">\r\n\t\t\t\t\t\t\t\t\t\t\t\t\t\t\t\t\t\t\t\t<span class=\"grve-hidden\">\r\n\t\t\t<span class=\"grve-structured-data entry-title\">Senzani partners with Andriani to provide machinery for a new facility in North America<\/span>\r\n\t\t\t<span class=\"grve-structured-data\" itemprop=\"image\" itemscope itemtype=\"http:\/\/schema.org\/ImageObject\">\r\n\t\t\t   <span itemprop='url' >https:\/\/www.senzani.com\/wp-content\/uploads\/2025\/03\/CPWA20-Andriani-pasta-cartons-2-v2.jpg<\/span>\r\n\t\t\t   <span itemprop='height' >770<\/span>\r\n\t\t\t   <span itemprop='width' >580<\/span>\r\n\t\t\t<\/span>\r\n\t\t\t\t\t\t<span class=\"grve-structured-data vcard author\" itemprop=\"author\" itemscope itemtype=\"http:\/\/schema.org\/Person\">\r\n\t\t\t\t<span itemprop=\"name\" class=\"fn\">Senzani Brevetti S.p.A.<\/span>\r\n\t\t\t<\/span>\r\n\t\t\t<span class=\"grve-structured-data\" itemprop=\"publisher\" itemscope itemtype=\"http:\/\/schema.org\/Organization\">\r\n\t\t\t\t<span itemprop='name'>Senzani Brevetti S.p.A.<\/span>\r\n\t\t\t\t<span itemprop='logo' itemscope itemtype='http:\/\/schema.org\/ImageObject'>\r\n\t\t\t\t\t<span itemprop='url'>\/\/www.senzani.com\/wp-content\/uploads\/2024\/01\/logo-senzani_r.png<\/span>\r\n\t\t\t\t<\/span>\r\n\t\t\t<\/span>\r\n\t\t\t\t\t\t<time class=\"grve-structured-data date published\" itemprop=\"datePublished\" datetime=\"2025-03-31T12:18:30+02:00\">31 de marzo de 2025<\/time>\r\n\t\t\t<time class=\"grve-structured-data date updated\" itemprop=\"dateModified\"  datetime=\"2025-06-10T10:59:54+02:00\">10 de junio de 2025<\/time>\r\n\t\t\t<span class=\"grve-structured-data\" itemprop=\"mainEntityOfPage\" itemscope itemtype=\"http:\/\/schema.org\/WebPage\" itemid=\"https:\/\/www.senzani.com\/es\/pasta-packaging-andriani-2\/\"><\/span>\r\n\t\t<\/span>\r\n\t\t\t\t\t\t\t\t\t\t\t\t\t\t\t\t\t\t\t\t<ul class=\"grve-post-meta\">\r\n\t\t\t\t\t\t\t\t\t\t<li class=\"grve-post-date\">\t<time class=\"\" datetime=\"2025-03-31T12:18:30+02:00\">\r\n\t\t31 de marzo de 2025\t<\/time>\r\n<\/li>\t\t\t\t\t\t\t\t\t\t<\/ul>\r\n\t\t\t\t\t\t\t\t\t\t\t\t\t\t\t\t\t\t\t\t\t\t\t\t\t\t\t<a href=\"https:\/\/www.senzani.com\/es\/pasta-packaging-andriani-2\/\" rel=\"bookmark\"><h2 class=\"grve-post-title grve-post-title-hover grve-h3\" itemprop=\"headline\">Senzani partners with Andriani to provide machinery for a new facility in North America<\/h2><\/a>\t\t\t\t\t\t\t\t<\/div>\r\n\t\t\t\t\t\t\t\t<div itemprop=\"articleBody\"><p>More than 70 years of experience as a manufacturer of pasta packaging solutions have made Senzani the perfect partner to&hellip;<\/p><a class=\"grve-read-more grve-link-text grve-heading-color grve-text-hover-primary-1\" href=\"https:\/\/www.senzani.com\/es\/pasta-packaging-andriani-2\/\"><span>leer m\u00e1s<\/span><\/a><\/div>\t\t\t\t\t\t\t<\/div>\r\n\t\t\t\t\t\t<\/div>\r\n\t\t\t\t\t\r\n\t\t\t\t<\/div>\t\t\t<\/article>\r\n\r\n\t\t\t<article class=\"grve-blog-item grve-isotope-item post-27427 post type-post status-publish format-standard has-post-thumbnail hentry category-news\" itemscope itemType=\"http:\/\/schema.org\/BlogPosting\">\r\n\t\t\t\t<div class=\"grve-blog-item-inner grve-isotope-item-inner\">\r\n\t\t\t\t\t\t\t\t\t\t\t\t\t<div class=\"grve-media\">\r\n\t\t\t<a class=\"grve-item-url\" href=\"https:\/\/www.senzani.com\/es\/senzani-en-el-mundo-el-mercado-espanol\/\" aria-label=\"Un nuevo colaborador para el mercado espa\u00f1ol\"><\/a>\r\n\t\t\t<img loading=\"lazy\" decoding=\"async\" width=\"300\" height=\"225\" src=\"https:\/\/www.senzani.com\/wp-content\/uploads\/2025\/03\/WhatsApp-Image-2025-02-28-at-16.44.26-300x225.jpeg\" class=\"attachment-medium size-medium wp-post-image\" alt=\"\" srcset=\"https:\/\/www.senzani.com\/wp-content\/uploads\/2025\/03\/WhatsApp-Image-2025-02-28-at-16.44.26-300x225.jpeg 300w, https:\/\/www.senzani.com\/wp-content\/uploads\/2025\/03\/WhatsApp-Image-2025-02-28-at-16.44.26-1024x768.jpeg 1024w, https:\/\/www.senzani.com\/wp-content\/uploads\/2025\/03\/WhatsApp-Image-2025-02-28-at-16.44.26-768x576.jpeg 768w, https:\/\/www.senzani.com\/wp-content\/uploads\/2025\/03\/WhatsApp-Image-2025-02-28-at-16.44.26-1536x1152.jpeg 1536w, https:\/\/www.senzani.com\/wp-content\/uploads\/2025\/03\/WhatsApp-Image-2025-02-28-at-16.44.26-560x420.jpeg 560w, https:\/\/www.senzani.com\/wp-content\/uploads\/2025\/03\/WhatsApp-Image-2025-02-28-at-16.44.26-900x675.jpeg 900w, https:\/\/www.senzani.com\/wp-content\/uploads\/2025\/03\/WhatsApp-Image-2025-02-28-at-16.44.26-1920x1440.jpeg 1920w\" sizes=\"auto, (max-width: 300px) 100vw, 300px\" \/>\t\t\t<div class=\"grve-bg-black grve-hover-overlay grve-opacity-10\"><\/div>\r\n\t\t<\/div>\r\n\t\t\t\t\t\t<div class=\"grve-post-content-wrapper\">\r\n\t\t\t\t\t\t\t<div class=\"grve-post-content\">\r\n\t\t\t\t\t\t\t\t<div class=\"grve-post-header\">\r\n\t\t\t\t\t\t\t\t\t\t\t\t\t\t\t\t\t\t\t\t<span class=\"grve-hidden\">\r\n\t\t\t<span class=\"grve-structured-data entry-title\">Un nuevo colaborador para el mercado espa\u00f1ol<\/span>\r\n\t\t\t<span class=\"grve-structured-data\" itemprop=\"image\" itemscope itemtype=\"http:\/\/schema.org\/ImageObject\">\r\n\t\t\t   <span itemprop='url' >https:\/\/www.senzani.com\/wp-content\/uploads\/2025\/03\/WhatsApp-Image-2025-02-28-at-16.44.26-scaled.jpeg<\/span>\r\n\t\t\t   <span itemprop='height' >2560<\/span>\r\n\t\t\t   <span itemprop='width' >1920<\/span>\r\n\t\t\t<\/span>\r\n\t\t\t\t\t\t<span class=\"grve-structured-data vcard author\" itemprop=\"author\" itemscope itemtype=\"http:\/\/schema.org\/Person\">\r\n\t\t\t\t<span itemprop=\"name\" class=\"fn\">Senzani Brevetti S.p.A.<\/span>\r\n\t\t\t<\/span>\r\n\t\t\t<span class=\"grve-structured-data\" itemprop=\"publisher\" itemscope itemtype=\"http:\/\/schema.org\/Organization\">\r\n\t\t\t\t<span itemprop='name'>Senzani Brevetti S.p.A.<\/span>\r\n\t\t\t\t<span itemprop='logo' itemscope itemtype='http:\/\/schema.org\/ImageObject'>\r\n\t\t\t\t\t<span itemprop='url'>\/\/www.senzani.com\/wp-content\/uploads\/2024\/01\/logo-senzani_r.png<\/span>\r\n\t\t\t\t<\/span>\r\n\t\t\t<\/span>\r\n\t\t\t\t\t\t<time class=\"grve-structured-data date published\" itemprop=\"datePublished\" datetime=\"2025-03-04T18:17:09+01:00\">4 de marzo de 2025<\/time>\r\n\t\t\t<time class=\"grve-structured-data date updated\" itemprop=\"dateModified\"  datetime=\"2025-03-05T08:05:58+01:00\">5 de marzo de 2025<\/time>\r\n\t\t\t<span class=\"grve-structured-data\" itemprop=\"mainEntityOfPage\" itemscope itemtype=\"http:\/\/schema.org\/WebPage\" itemid=\"https:\/\/www.senzani.com\/es\/senzani-en-el-mundo-el-mercado-espanol\/\"><\/span>\r\n\t\t<\/span>\r\n\t\t\t\t\t\t\t\t\t\t\t\t\t\t\t\t\t\t\t\t<ul class=\"grve-post-meta\">\r\n\t\t\t\t\t\t\t\t\t\t<li class=\"grve-post-date\">\t<time class=\"\" datetime=\"2025-03-04T18:17:09+01:00\">\r\n\t\t4 de marzo de 2025\t<\/time>\r\n<\/li>\t\t\t\t\t\t\t\t\t\t<\/ul>\r\n\t\t\t\t\t\t\t\t\t\t\t\t\t\t\t\t\t\t\t\t\t\t\t\t\t\t\t<a href=\"https:\/\/www.senzani.com\/es\/senzani-en-el-mundo-el-mercado-espanol\/\" rel=\"bookmark\"><h2 class=\"grve-post-title grve-post-title-hover grve-h3\" itemprop=\"headline\">Un nuevo colaborador para el mercado espa\u00f1ol<\/h2><\/a>\t\t\t\t\t\t\t\t<\/div>\r\n\t\t\t\t\t\t\t\t<div itemprop=\"articleBody\"><p>\u00daltima incorporaci\u00f3n al grupo de agencias que colaboran con Senzani, la espa\u00f1ola CIMA es una empresa con m\u00e1s de 20&hellip;<\/p><a class=\"grve-read-more grve-link-text grve-heading-color grve-text-hover-primary-1\" href=\"https:\/\/www.senzani.com\/es\/senzani-en-el-mundo-el-mercado-espanol\/\"><span>leer m\u00e1s<\/span><\/a><\/div>\t\t\t\t\t\t\t<\/div>\r\n\t\t\t\t\t\t<\/div>\r\n\t\t\t\t\t\r\n\t\t\t\t<\/div>\t\t\t<\/article>\r\n\r\n\t\t\t<article class=\"grve-blog-item grve-isotope-item post-27311 post type-post status-publish format-standard has-post-thumbnail hentry category-news\" itemscope itemType=\"http:\/\/schema.org\/BlogPosting\">\r\n\t\t\t\t<div class=\"grve-blog-item-inner grve-isotope-item-inner\">\r\n\t\t\t\t\t\t\t\t\t\t\t\t\t<div class=\"grve-media\">\r\n\t\t\t<a class=\"grve-item-url\" href=\"https:\/\/www.senzani.com\/es\/pack-expo-2024\/\" aria-label=\"Senzani en Pack Expo con las \u00faltimas tecnolog\u00edas de empaque\"><\/a>\r\n\t\t\t<img loading=\"lazy\" decoding=\"async\" width=\"300\" height=\"200\" src=\"https:\/\/www.senzani.com\/wp-content\/uploads\/2024\/10\/VCM-300x200.jpg\" class=\"attachment-medium size-medium wp-post-image\" alt=\"\" srcset=\"https:\/\/www.senzani.com\/wp-content\/uploads\/2024\/10\/VCM-300x200.jpg 300w, https:\/\/www.senzani.com\/wp-content\/uploads\/2024\/10\/VCM-1024x683.jpg 1024w, https:\/\/www.senzani.com\/wp-content\/uploads\/2024\/10\/VCM-768x512.jpg 768w, https:\/\/www.senzani.com\/wp-content\/uploads\/2024\/10\/VCM-1536x1024.jpg 1536w, https:\/\/www.senzani.com\/wp-content\/uploads\/2024\/10\/VCM-1920x1280.jpg 1920w\" sizes=\"auto, (max-width: 300px) 100vw, 300px\" \/>\t\t\t<div class=\"grve-bg-black grve-hover-overlay grve-opacity-10\"><\/div>\r\n\t\t<\/div>\r\n\t\t\t\t\t\t<div class=\"grve-post-content-wrapper\">\r\n\t\t\t\t\t\t\t<div class=\"grve-post-content\">\r\n\t\t\t\t\t\t\t\t<div class=\"grve-post-header\">\r\n\t\t\t\t\t\t\t\t\t\t\t\t\t\t\t\t\t\t\t\t<span class=\"grve-hidden\">\r\n\t\t\t<span class=\"grve-structured-data entry-title\">Senzani en Pack Expo con las \u00faltimas tecnolog\u00edas de empaque<\/span>\r\n\t\t\t<span class=\"grve-structured-data\" itemprop=\"image\" itemscope itemtype=\"http:\/\/schema.org\/ImageObject\">\r\n\t\t\t   <span itemprop='url' >https:\/\/www.senzani.com\/wp-content\/uploads\/2024\/10\/VCM-scaled.jpg<\/span>\r\n\t\t\t   <span itemprop='height' >2560<\/span>\r\n\t\t\t   <span itemprop='width' >1707<\/span>\r\n\t\t\t<\/span>\r\n\t\t\t\t\t\t<span class=\"grve-structured-data vcard author\" itemprop=\"author\" itemscope itemtype=\"http:\/\/schema.org\/Person\">\r\n\t\t\t\t<span itemprop=\"name\" class=\"fn\">Senzani Brevetti S.p.A.<\/span>\r\n\t\t\t<\/span>\r\n\t\t\t<span class=\"grve-structured-data\" itemprop=\"publisher\" itemscope itemtype=\"http:\/\/schema.org\/Organization\">\r\n\t\t\t\t<span itemprop='name'>Senzani Brevetti S.p.A.<\/span>\r\n\t\t\t\t<span itemprop='logo' itemscope itemtype='http:\/\/schema.org\/ImageObject'>\r\n\t\t\t\t\t<span itemprop='url'>\/\/www.senzani.com\/wp-content\/uploads\/2024\/01\/logo-senzani_r.png<\/span>\r\n\t\t\t\t<\/span>\r\n\t\t\t<\/span>\r\n\t\t\t\t\t\t<time class=\"grve-structured-data date published\" itemprop=\"datePublished\" datetime=\"2024-10-22T15:08:55+02:00\">22 de octubre de 2024<\/time>\r\n\t\t\t<time class=\"grve-structured-data date updated\" itemprop=\"dateModified\"  datetime=\"2024-10-31T11:23:59+01:00\">31 de octubre de 2024<\/time>\r\n\t\t\t<span class=\"grve-structured-data\" itemprop=\"mainEntityOfPage\" itemscope itemtype=\"http:\/\/schema.org\/WebPage\" itemid=\"https:\/\/www.senzani.com\/es\/pack-expo-2024\/\"><\/span>\r\n\t\t<\/span>\r\n\t\t\t\t\t\t\t\t\t\t\t\t\t\t\t\t\t\t\t\t<ul class=\"grve-post-meta\">\r\n\t\t\t\t\t\t\t\t\t\t<li class=\"grve-post-date\">\t<time class=\"\" datetime=\"2024-10-22T15:08:55+02:00\">\r\n\t\t22 de octubre de 2024\t<\/time>\r\n<\/li>\t\t\t\t\t\t\t\t\t\t<\/ul>\r\n\t\t\t\t\t\t\t\t\t\t\t\t\t\t\t\t\t\t\t\t\t\t\t\t\t\t\t<a href=\"https:\/\/www.senzani.com\/es\/pack-expo-2024\/\" rel=\"bookmark\"><h2 class=\"grve-post-title grve-post-title-hover grve-h3\" itemprop=\"headline\">Senzani en Pack Expo con las \u00faltimas tecnolog\u00edas de empaque<\/h2><\/a>\t\t\t\t\t\t\t\t<\/div>\r\n\t\t\t\t\t\t\t\t<div itemprop=\"articleBody\"><p>Son varias las novedades para el mercado americano que Senzani presentar\u00e1 en Pack Expo, la feria que se celebrar\u00e1 en&hellip;<\/p><a class=\"grve-read-more grve-link-text grve-heading-color grve-text-hover-primary-1\" href=\"https:\/\/www.senzani.com\/es\/pack-expo-2024\/\"><span>leer m\u00e1s<\/span><\/a><\/div>\t\t\t\t\t\t\t<\/div>\r\n\t\t\t\t\t\t<\/div>\r\n\t\t\t\t\t\r\n\t\t\t\t<\/div>\t\t\t<\/article>\r\n\r\n\t\t\t<article class=\"grve-blog-item grve-isotope-item post-26845 post type-post status-publish format-standard has-post-thumbnail hentry category-news\" itemscope itemType=\"http:\/\/schema.org\/BlogPosting\">\r\n\t\t\t\t<div class=\"grve-blog-item-inner grve-isotope-item-inner\">\r\n\t\t\t\t\t\t\t\t\t\t\t\t\t<div class=\"grve-media\">\r\n\t\t\t<a class=\"grve-item-url\" href=\"https:\/\/www.senzani.com\/es\/senzani-y-el-mercado-brasileno\/\" aria-label=\"Senzani en el mundo: el mercado brasile\u00f1o\"><\/a>\r\n\t\t\t<img loading=\"lazy\" decoding=\"async\" width=\"300\" height=\"225\" src=\"https:\/\/www.senzani.com\/wp-content\/uploads\/2024\/07\/WhatsApp-Image-2024-06-18-at-18.15.29-8-300x225.jpeg\" class=\"attachment-medium size-medium wp-post-image\" alt=\"\" srcset=\"https:\/\/www.senzani.com\/wp-content\/uploads\/2024\/07\/WhatsApp-Image-2024-06-18-at-18.15.29-8-300x225.jpeg 300w, https:\/\/www.senzani.com\/wp-content\/uploads\/2024\/07\/WhatsApp-Image-2024-06-18-at-18.15.29-8-1024x768.jpeg 1024w, https:\/\/www.senzani.com\/wp-content\/uploads\/2024\/07\/WhatsApp-Image-2024-06-18-at-18.15.29-8-768x576.jpeg 768w, https:\/\/www.senzani.com\/wp-content\/uploads\/2024\/07\/WhatsApp-Image-2024-06-18-at-18.15.29-8-1536x1152.jpeg 1536w, https:\/\/www.senzani.com\/wp-content\/uploads\/2024\/07\/WhatsApp-Image-2024-06-18-at-18.15.29-8-560x420.jpeg 560w, https:\/\/www.senzani.com\/wp-content\/uploads\/2024\/07\/WhatsApp-Image-2024-06-18-at-18.15.29-8-900x675.jpeg 900w, https:\/\/www.senzani.com\/wp-content\/uploads\/2024\/07\/WhatsApp-Image-2024-06-18-at-18.15.29-8.jpeg 1600w\" sizes=\"auto, (max-width: 300px) 100vw, 300px\" \/>\t\t\t<div class=\"grve-bg-black grve-hover-overlay grve-opacity-10\"><\/div>\r\n\t\t<\/div>\r\n\t\t\t\t\t\t<div class=\"grve-post-content-wrapper\">\r\n\t\t\t\t\t\t\t<div class=\"grve-post-content\">\r\n\t\t\t\t\t\t\t\t<div class=\"grve-post-header\">\r\n\t\t\t\t\t\t\t\t\t\t\t\t\t\t\t\t\t\t\t\t<span class=\"grve-hidden\">\r\n\t\t\t<span class=\"grve-structured-data entry-title\">Senzani en el mundo: el mercado brasile\u00f1o<\/span>\r\n\t\t\t<span class=\"grve-structured-data\" itemprop=\"image\" itemscope itemtype=\"http:\/\/schema.org\/ImageObject\">\r\n\t\t\t   <span itemprop='url' >https:\/\/www.senzani.com\/wp-content\/uploads\/2024\/07\/WhatsApp-Image-2024-06-18-at-18.15.29-8.jpeg<\/span>\r\n\t\t\t   <span itemprop='height' >1600<\/span>\r\n\t\t\t   <span itemprop='width' >1200<\/span>\r\n\t\t\t<\/span>\r\n\t\t\t\t\t\t<span class=\"grve-structured-data vcard author\" itemprop=\"author\" itemscope itemtype=\"http:\/\/schema.org\/Person\">\r\n\t\t\t\t<span itemprop=\"name\" class=\"fn\">Senzani Brevetti S.p.A.<\/span>\r\n\t\t\t<\/span>\r\n\t\t\t<span class=\"grve-structured-data\" itemprop=\"publisher\" itemscope itemtype=\"http:\/\/schema.org\/Organization\">\r\n\t\t\t\t<span itemprop='name'>Senzani Brevetti S.p.A.<\/span>\r\n\t\t\t\t<span itemprop='logo' itemscope itemtype='http:\/\/schema.org\/ImageObject'>\r\n\t\t\t\t\t<span itemprop='url'>\/\/www.senzani.com\/wp-content\/uploads\/2024\/01\/logo-senzani_r.png<\/span>\r\n\t\t\t\t<\/span>\r\n\t\t\t<\/span>\r\n\t\t\t\t\t\t<time class=\"grve-structured-data date published\" itemprop=\"datePublished\" datetime=\"2024-07-30T15:28:59+02:00\">30 de julio de 2024<\/time>\r\n\t\t\t<time class=\"grve-structured-data date updated\" itemprop=\"dateModified\"  datetime=\"2024-10-31T11:26:39+01:00\">31 de octubre de 2024<\/time>\r\n\t\t\t<span class=\"grve-structured-data\" itemprop=\"mainEntityOfPage\" itemscope itemtype=\"http:\/\/schema.org\/WebPage\" itemid=\"https:\/\/www.senzani.com\/es\/senzani-y-el-mercado-brasileno\/\"><\/span>\r\n\t\t<\/span>\r\n\t\t\t\t\t\t\t\t\t\t\t\t\t\t\t\t\t\t\t\t<ul class=\"grve-post-meta\">\r\n\t\t\t\t\t\t\t\t\t\t<li class=\"grve-post-date\">\t<time class=\"\" datetime=\"2024-07-30T15:28:59+02:00\">\r\n\t\t30 de julio de 2024\t<\/time>\r\n<\/li>\t\t\t\t\t\t\t\t\t\t<\/ul>\r\n\t\t\t\t\t\t\t\t\t\t\t\t\t\t\t\t\t\t\t\t\t\t\t\t\t\t\t<a href=\"https:\/\/www.senzani.com\/es\/senzani-y-el-mercado-brasileno\/\" rel=\"bookmark\"><h2 class=\"grve-post-title grve-post-title-hover grve-h3\" itemprop=\"headline\">Senzani en el mundo: el mercado brasile\u00f1o<\/h2><\/a>\t\t\t\t\t\t\t\t<\/div>\r\n\t\t\t\t\t\t\t\t<div itemprop=\"articleBody\"><p>El \u00e9xito de la \u00faltima edici\u00f3n de Fispal, la feria que acaba de celebrarse en S\u00e3o Paulo, confirm\u00f3 el crecimiento&hellip;<\/p><a class=\"grve-read-more grve-link-text grve-heading-color grve-text-hover-primary-1\" href=\"https:\/\/www.senzani.com\/es\/senzani-y-el-mercado-brasileno\/\"><span>leer m\u00e1s<\/span><\/a><\/div>\t\t\t\t\t\t\t<\/div>\r\n\t\t\t\t\t\t<\/div>\r\n\t\t\t\t\t\r\n\t\t\t\t<\/div>\t\t\t<\/article>\r\n\r\n\t\t\t<article class=\"grve-blog-item grve-isotope-item post-26166 post type-post status-publish format-standard has-post-thumbnail hentry category-news\" itemscope itemType=\"http:\/\/schema.org\/BlogPosting\">\r\n\t\t\t\t<div class=\"grve-blog-item-inner grve-isotope-item-inner\">\r\n\t\t\t\t\t\t\t\t\t\t\t\t\t<div class=\"grve-media\">\r\n\t\t\t<a class=\"grve-item-url\" href=\"https:\/\/www.senzani.com\/es\/petfood-interzoo\/\" aria-label=\"En Interzoo con nuestras soluciones para el pet food\"><\/a>\r\n\t\t\t<img loading=\"lazy\" decoding=\"async\" width=\"300\" height=\"200\" src=\"https:\/\/www.senzani.com\/wp-content\/uploads\/2024\/04\/immagini-news-sito-SENZANI-Apr24-petfood-300x200.jpg\" class=\"attachment-medium size-medium wp-post-image\" alt=\"\" srcset=\"https:\/\/www.senzani.com\/wp-content\/uploads\/2024\/04\/immagini-news-sito-SENZANI-Apr24-petfood-300x200.jpg 300w, https:\/\/www.senzani.com\/wp-content\/uploads\/2024\/04\/immagini-news-sito-SENZANI-Apr24-petfood-768x511.jpg 768w, https:\/\/www.senzani.com\/wp-content\/uploads\/2024\/04\/immagini-news-sito-SENZANI-Apr24-petfood.jpg 772w\" sizes=\"auto, (max-width: 300px) 100vw, 300px\" \/>\t\t\t<div class=\"grve-bg-black grve-hover-overlay grve-opacity-10\"><\/div>\r\n\t\t<\/div>\r\n\t\t\t\t\t\t<div class=\"grve-post-content-wrapper\">\r\n\t\t\t\t\t\t\t<div class=\"grve-post-content\">\r\n\t\t\t\t\t\t\t\t<div class=\"grve-post-header\">\r\n\t\t\t\t\t\t\t\t\t\t\t\t\t\t\t\t\t\t\t\t<span class=\"grve-hidden\">\r\n\t\t\t<span class=\"grve-structured-data entry-title\">En Interzoo con nuestras soluciones para el pet food<\/span>\r\n\t\t\t<span class=\"grve-structured-data\" itemprop=\"image\" itemscope itemtype=\"http:\/\/schema.org\/ImageObject\">\r\n\t\t\t   <span itemprop='url' >https:\/\/www.senzani.com\/wp-content\/uploads\/2024\/04\/immagini-news-sito-SENZANI-Apr24-petfood.jpg<\/span>\r\n\t\t\t   <span itemprop='height' >772<\/span>\r\n\t\t\t   <span itemprop='width' >514<\/span>\r\n\t\t\t<\/span>\r\n\t\t\t\t\t\t<span class=\"grve-structured-data vcard author\" itemprop=\"author\" itemscope itemtype=\"http:\/\/schema.org\/Person\">\r\n\t\t\t\t<span itemprop=\"name\" class=\"fn\">Senzani Brevetti S.p.A.<\/span>\r\n\t\t\t<\/span>\r\n\t\t\t<span class=\"grve-structured-data\" itemprop=\"publisher\" itemscope itemtype=\"http:\/\/schema.org\/Organization\">\r\n\t\t\t\t<span itemprop='name'>Senzani Brevetti S.p.A.<\/span>\r\n\t\t\t\t<span itemprop='logo' itemscope itemtype='http:\/\/schema.org\/ImageObject'>\r\n\t\t\t\t\t<span itemprop='url'>\/\/www.senzani.com\/wp-content\/uploads\/2024\/01\/logo-senzani_r.png<\/span>\r\n\t\t\t\t<\/span>\r\n\t\t\t<\/span>\r\n\t\t\t\t\t\t<time class=\"grve-structured-data date published\" itemprop=\"datePublished\" datetime=\"2024-04-18T14:42:45+02:00\">18 de abril de 2024<\/time>\r\n\t\t\t<time class=\"grve-structured-data date updated\" itemprop=\"dateModified\"  datetime=\"2024-05-31T13:04:58+02:00\">31 de mayo de 2024<\/time>\r\n\t\t\t<span class=\"grve-structured-data\" itemprop=\"mainEntityOfPage\" itemscope itemtype=\"http:\/\/schema.org\/WebPage\" itemid=\"https:\/\/www.senzani.com\/es\/petfood-interzoo\/\"><\/span>\r\n\t\t<\/span>\r\n\t\t\t\t\t\t\t\t\t\t\t\t\t\t\t\t\t\t\t\t<ul class=\"grve-post-meta\">\r\n\t\t\t\t\t\t\t\t\t\t<li class=\"grve-post-date\">\t<time class=\"\" datetime=\"2024-04-18T14:42:45+02:00\">\r\n\t\t18 de abril de 2024\t<\/time>\r\n<\/li>\t\t\t\t\t\t\t\t\t\t<\/ul>\r\n\t\t\t\t\t\t\t\t\t\t\t\t\t\t\t\t\t\t\t\t\t\t\t\t\t\t\t<a href=\"https:\/\/www.senzani.com\/es\/petfood-interzoo\/\" rel=\"bookmark\"><h2 class=\"grve-post-title grve-post-title-hover grve-h3\" itemprop=\"headline\">En Interzoo con nuestras soluciones para el pet food<\/h2><\/a>\t\t\t\t\t\t\t\t<\/div>\r\n\t\t\t\t\t\t\t\t<div itemprop=\"articleBody\"><p>En el mundo de la alimentaci\u00f3n para mascotas, el marketing relacionado con la presentaci\u00f3n del producto en el punto de&hellip;<\/p><a class=\"grve-read-more grve-link-text grve-heading-color grve-text-hover-primary-1\" href=\"https:\/\/www.senzani.com\/es\/petfood-interzoo\/\"><span>leer m\u00e1s<\/span><\/a><\/div>\t\t\t\t\t\t\t<\/div>\r\n\t\t\t\t\t\t<\/div>\r\n\t\t\t\t\t\r\n\t\t\t\t<\/div>\t\t\t<\/article>\r\n\r\n\t\t\t<article class=\"grve-blog-item grve-isotope-item post-26218 post type-post status-publish format-standard has-post-thumbnail hentry category-news\" itemscope itemType=\"http:\/\/schema.org\/BlogPosting\">\r\n\t\t\t\t<div class=\"grve-blog-item-inner grve-isotope-item-inner\">\r\n\t\t\t\t\t\t\t\t\t\t\t\t\t<div class=\"grve-media\">\r\n\t\t\t<a class=\"grve-item-url\" href=\"https:\/\/www.senzani.com\/es\/calidad-sostenibilidad\/\" aria-label=\"Gesti\u00f3n de calidad y sostenibilidad, Senzani hacia el futuro\"><\/a>\r\n\t\t\t<img loading=\"lazy\" decoding=\"async\" width=\"300\" height=\"200\" src=\"https:\/\/www.senzani.com\/wp-content\/uploads\/2024\/04\/immagini-news-sito-SENZANI-Apr24-qualita-300x200.jpg\" class=\"attachment-medium size-medium wp-post-image\" alt=\"\" srcset=\"https:\/\/www.senzani.com\/wp-content\/uploads\/2024\/04\/immagini-news-sito-SENZANI-Apr24-qualita-300x200.jpg 300w, https:\/\/www.senzani.com\/wp-content\/uploads\/2024\/04\/immagini-news-sito-SENZANI-Apr24-qualita-768x511.jpg 768w, https:\/\/www.senzani.com\/wp-content\/uploads\/2024\/04\/immagini-news-sito-SENZANI-Apr24-qualita.jpg 772w\" sizes=\"auto, (max-width: 300px) 100vw, 300px\" \/>\t\t\t<div class=\"grve-bg-black grve-hover-overlay grve-opacity-10\"><\/div>\r\n\t\t<\/div>\r\n\t\t\t\t\t\t<div class=\"grve-post-content-wrapper\">\r\n\t\t\t\t\t\t\t<div class=\"grve-post-content\">\r\n\t\t\t\t\t\t\t\t<div class=\"grve-post-header\">\r\n\t\t\t\t\t\t\t\t\t\t\t\t\t\t\t\t\t\t\t\t<span class=\"grve-hidden\">\r\n\t\t\t<span class=\"grve-structured-data entry-title\">Gesti\u00f3n de calidad y sostenibilidad, Senzani hacia el futuro<\/span>\r\n\t\t\t<span class=\"grve-structured-data\" itemprop=\"image\" itemscope itemtype=\"http:\/\/schema.org\/ImageObject\">\r\n\t\t\t   <span itemprop='url' >https:\/\/www.senzani.com\/wp-content\/uploads\/2024\/04\/immagini-news-sito-SENZANI-Apr24-qualita.jpg<\/span>\r\n\t\t\t   <span itemprop='height' >772<\/span>\r\n\t\t\t   <span itemprop='width' >514<\/span>\r\n\t\t\t<\/span>\r\n\t\t\t\t\t\t<span class=\"grve-structured-data vcard author\" itemprop=\"author\" itemscope itemtype=\"http:\/\/schema.org\/Person\">\r\n\t\t\t\t<span itemprop=\"name\" class=\"fn\">Senzani Brevetti S.p.A.<\/span>\r\n\t\t\t<\/span>\r\n\t\t\t<span class=\"grve-structured-data\" itemprop=\"publisher\" itemscope itemtype=\"http:\/\/schema.org\/Organization\">\r\n\t\t\t\t<span itemprop='name'>Senzani Brevetti S.p.A.<\/span>\r\n\t\t\t\t<span itemprop='logo' itemscope itemtype='http:\/\/schema.org\/ImageObject'>\r\n\t\t\t\t\t<span itemprop='url'>\/\/www.senzani.com\/wp-content\/uploads\/2024\/01\/logo-senzani_r.png<\/span>\r\n\t\t\t\t<\/span>\r\n\t\t\t<\/span>\r\n\t\t\t\t\t\t<time class=\"grve-structured-data date published\" itemprop=\"datePublished\" datetime=\"2024-04-04T17:16:00+02:00\">4 de abril de 2024<\/time>\r\n\t\t\t<time class=\"grve-structured-data date updated\" itemprop=\"dateModified\"  datetime=\"2024-05-31T13:04:51+02:00\">31 de mayo de 2024<\/time>\r\n\t\t\t<span class=\"grve-structured-data\" itemprop=\"mainEntityOfPage\" itemscope itemtype=\"http:\/\/schema.org\/WebPage\" itemid=\"https:\/\/www.senzani.com\/es\/calidad-sostenibilidad\/\"><\/span>\r\n\t\t<\/span>\r\n\t\t\t\t\t\t\t\t\t\t\t\t\t\t\t\t\t\t\t\t<ul class=\"grve-post-meta\">\r\n\t\t\t\t\t\t\t\t\t\t<li class=\"grve-post-date\">\t<time class=\"\" datetime=\"2024-04-04T17:16:00+02:00\">\r\n\t\t4 de abril de 2024\t<\/time>\r\n<\/li>\t\t\t\t\t\t\t\t\t\t<\/ul>\r\n\t\t\t\t\t\t\t\t\t\t\t\t\t\t\t\t\t\t\t\t\t\t\t\t\t\t\t<a href=\"https:\/\/www.senzani.com\/es\/calidad-sostenibilidad\/\" rel=\"bookmark\"><h2 class=\"grve-post-title grve-post-title-hover grve-h3\" itemprop=\"headline\">Gesti\u00f3n de calidad y sostenibilidad, Senzani hacia el futuro<\/h2><\/a>\t\t\t\t\t\t\t\t<\/div>\r\n\t\t\t\t\t\t\t\t<div itemprop=\"articleBody\"><p>Eficiencia, tanto en los flujos de trabajo como en la energ\u00eda: el desarrollo de Senzani ha ido tambi\u00e9n en esta&hellip;<\/p><a class=\"grve-read-more grve-link-text grve-heading-color grve-text-hover-primary-1\" href=\"https:\/\/www.senzani.com\/es\/calidad-sostenibilidad\/\"><span>leer m\u00e1s<\/span><\/a><\/div>\t\t\t\t\t\t\t<\/div>\r\n\t\t\t\t\t\t<\/div>\r\n\t\t\t\t\t\r\n\t\t\t\t<\/div>\t\t\t<\/article>\r\n\r\n\t\t\t<\/div>\r\n<div class=\"grve-pagination grve-link-text grve-heading-color\"><ul class='page-numbers'>\n\t<li><span aria-current=\"page\" class=\"page-numbers current\">1<\/span><\/li>\n\t<li><a class=\"page-numbers\" href=\"https:\/\/www.senzani.com\/es\/wp-json\/wp\/v2\/pages\/23235\/page\/2\/\">2<\/a><\/li>\n\t<li><a class=\"page-numbers\" href=\"https:\/\/www.senzani.com\/es\/wp-json\/wp\/v2\/pages\/23235\/page\/3\/\">3<\/a><\/li>\n\t<li><a class=\"next page-numbers\" href=\"https:\/\/www.senzani.com\/es\/wp-json\/wp\/v2\/pages\/23235\/page\/2\/\"><i class=\"grve-icon-nav-right-small\"><\/i><\/a><\/li>\n<\/ul>\n<\/div>\t\t<\/div>\r\n[\/vc_column][\/vc_row]<\/p>\n<\/div>","protected":false},"excerpt":{"rendered":"<p>[vc_row section_type=\u00bbfullwidth\u00bb bg_type=\u00bbgradient\u00bb bg_gradient_color_1=\u00bb#36cfec\u00bb bg_gradient_color_2=\u00bb#29b7e0&#8243; bg_gradient_direction=\u00bb45&#8243; margin_bottom=\u00bb40px\u00bb][vc_column][vc_custom_heading text=\u00bbNoticias y citas imperdibles\u00bb font_container=\u00bbtag:h1|text_align:center\u00bb use_theme_fonts=\u00bbyes\u00bb css_animation=\u00bbfadeInDown\u00bb el_id=\u00bbtitle_soluzioni\u00bb][\/vc_column][\/vc_row][vc_row equal_column_height=\u00bbequal-column\u00bb section_id=\u00bbblog_page\u00bb][vc_column][\/vc_column][\/vc_row]<\/p>\n","protected":false},"author":4,"featured_media":0,"parent":0,"menu_order":0,"comment_status":"closed","ping_status":"open","template":"","meta":{"_acf_changed":false,"content-type":"","footnotes":""},"class_list":["post-23235","page","type-page","status-publish","hentry"],"acf":[],"yoast_head":"<!-- This site is optimized with the Yoast SEO plugin v27.5 - https:\/\/yoast.com\/product\/yoast-seo-wordpress\/ -->\n<title>Noticias | Senzani Brevetti<\/title>\n<meta name=\"description\" content=\"Mant\u00e9ngase al d\u00eda con las \u00faltimas noticias del mundo Senzani!\" \/>\n<meta name=\"robots\" content=\"index, follow, max-snippet:-1, max-image-preview:large, max-video-preview:-1\" \/>\n<link rel=\"canonical\" href=\"https:\/\/www.senzani.com\/es\/noticias\/\" \/>\n<meta property=\"og:locale\" content=\"es_ES\" \/>\n<meta property=\"og:type\" content=\"article\" \/>\n<meta property=\"og:title\" content=\"Noticias | Senzani Brevetti\" \/>\n<meta property=\"og:description\" content=\"Mant\u00e9ngase al d\u00eda con las \u00faltimas noticias del mundo Senzani!\" \/>\n<meta property=\"og:url\" content=\"https:\/\/www.senzani.com\/es\/noticias\/\" \/>\n<meta property=\"og:site_name\" content=\"Senzani Brevetti S.p.A.\" \/>\n<meta property=\"article:modified_time\" content=\"2023-04-05T16:21:07+00:00\" \/>\n<meta name=\"twitter:card\" content=\"summary_large_image\" \/>\n<meta name=\"twitter:label1\" content=\"Tiempo de lectura\" \/>\n\t<meta name=\"twitter:data1\" content=\"1 minuto\" \/>\n<script type=\"application\/ld+json\" class=\"yoast-schema-graph\">{\"@context\":\"https:\\\/\\\/schema.org\",\"@graph\":[{\"@type\":\"WebPage\",\"@id\":\"https:\\\/\\\/www.senzani.com\\\/es\\\/noticias\\\/\",\"url\":\"https:\\\/\\\/www.senzani.com\\\/es\\\/noticias\\\/\",\"name\":\"Noticias | Senzani Brevetti\",\"isPartOf\":{\"@id\":\"https:\\\/\\\/www.senzani.com\\\/es\\\/#website\"},\"datePublished\":\"2020-03-13T17:50:26+00:00\",\"dateModified\":\"2023-04-05T16:21:07+00:00\",\"description\":\"Mant\u00e9ngase al d\u00eda con las \u00faltimas noticias del mundo Senzani!\",\"breadcrumb\":{\"@id\":\"https:\\\/\\\/www.senzani.com\\\/es\\\/noticias\\\/#breadcrumb\"},\"inLanguage\":\"es\",\"potentialAction\":[{\"@type\":\"ReadAction\",\"target\":[\"https:\\\/\\\/www.senzani.com\\\/es\\\/noticias\\\/\"]}]},{\"@type\":\"BreadcrumbList\",\"@id\":\"https:\\\/\\\/www.senzani.com\\\/es\\\/noticias\\\/#breadcrumb\",\"itemListElement\":[{\"@type\":\"ListItem\",\"position\":1,\"name\":\"Home\",\"item\":\"https:\\\/\\\/www.senzani.com\\\/es\\\/\"},{\"@type\":\"ListItem\",\"position\":2,\"name\":\"Noticias\"}]},{\"@type\":\"WebSite\",\"@id\":\"https:\\\/\\\/www.senzani.com\\\/es\\\/#website\",\"url\":\"https:\\\/\\\/www.senzani.com\\\/es\\\/\",\"name\":\"Senzani Brevetti S.p.A.\",\"description\":\"Leader nel settore delle macchine per imballaggi\",\"publisher\":{\"@id\":\"https:\\\/\\\/www.senzani.com\\\/es\\\/#organization\"},\"potentialAction\":[{\"@type\":\"SearchAction\",\"target\":{\"@type\":\"EntryPoint\",\"urlTemplate\":\"https:\\\/\\\/www.senzani.com\\\/es\\\/?s={search_term_string}\"},\"query-input\":{\"@type\":\"PropertyValueSpecification\",\"valueRequired\":true,\"valueName\":\"search_term_string\"}}],\"inLanguage\":\"es\"},{\"@type\":\"Organization\",\"@id\":\"https:\\\/\\\/www.senzani.com\\\/es\\\/#organization\",\"name\":\"Senzani Brevetti\",\"url\":\"https:\\\/\\\/www.senzani.com\\\/es\\\/\",\"logo\":{\"@type\":\"ImageObject\",\"inLanguage\":\"es\",\"@id\":\"https:\\\/\\\/www.senzani.com\\\/es\\\/#\\\/schema\\\/logo\\\/image\\\/\",\"url\":\"https:\\\/\\\/www.senzani.com\\\/wp-content\\\/uploads\\\/2020\\\/03\\\/logo-senzani.png\",\"contentUrl\":\"https:\\\/\\\/www.senzani.com\\\/wp-content\\\/uploads\\\/2020\\\/03\\\/logo-senzani.png\",\"width\":259,\"height\":71,\"caption\":\"Senzani Brevetti\"},\"image\":{\"@id\":\"https:\\\/\\\/www.senzani.com\\\/es\\\/#\\\/schema\\\/logo\\\/image\\\/\"}}]}<\/script>\n<!-- \/ Yoast SEO plugin. -->","yoast_head_json":{"title":"Noticias | Senzani Brevetti","description":"Mant\u00e9ngase al d\u00eda con las \u00faltimas noticias del mundo Senzani!","robots":{"index":"index","follow":"follow","max-snippet":"max-snippet:-1","max-image-preview":"max-image-preview:large","max-video-preview":"max-video-preview:-1"},"canonical":"https:\/\/www.senzani.com\/es\/noticias\/","og_locale":"es_ES","og_type":"article","og_title":"Noticias | Senzani Brevetti","og_description":"Mant\u00e9ngase al d\u00eda con las \u00faltimas noticias del mundo Senzani!","og_url":"https:\/\/www.senzani.com\/es\/noticias\/","og_site_name":"Senzani Brevetti S.p.A.","article_modified_time":"2023-04-05T16:21:07+00:00","twitter_card":"summary_large_image","twitter_misc":{"Tiempo de lectura":"1 minuto"},"schema":{"@context":"https:\/\/schema.org","@graph":[{"@type":"WebPage","@id":"https:\/\/www.senzani.com\/es\/noticias\/","url":"https:\/\/www.senzani.com\/es\/noticias\/","name":"Noticias | Senzani Brevetti","isPartOf":{"@id":"https:\/\/www.senzani.com\/es\/#website"},"datePublished":"2020-03-13T17:50:26+00:00","dateModified":"2023-04-05T16:21:07+00:00","description":"Mant\u00e9ngase al d\u00eda con las \u00faltimas noticias del mundo Senzani!","breadcrumb":{"@id":"https:\/\/www.senzani.com\/es\/noticias\/#breadcrumb"},"inLanguage":"es","potentialAction":[{"@type":"ReadAction","target":["https:\/\/www.senzani.com\/es\/noticias\/"]}]},{"@type":"BreadcrumbList","@id":"https:\/\/www.senzani.com\/es\/noticias\/#breadcrumb","itemListElement":[{"@type":"ListItem","position":1,"name":"Home","item":"https:\/\/www.senzani.com\/es\/"},{"@type":"ListItem","position":2,"name":"Noticias"}]},{"@type":"WebSite","@id":"https:\/\/www.senzani.com\/es\/#website","url":"https:\/\/www.senzani.com\/es\/","name":"Senzani Brevetti S.p.A.","description":"Leader nel settore delle macchine per imballaggi","publisher":{"@id":"https:\/\/www.senzani.com\/es\/#organization"},"potentialAction":[{"@type":"SearchAction","target":{"@type":"EntryPoint","urlTemplate":"https:\/\/www.senzani.com\/es\/?s={search_term_string}"},"query-input":{"@type":"PropertyValueSpecification","valueRequired":true,"valueName":"search_term_string"}}],"inLanguage":"es"},{"@type":"Organization","@id":"https:\/\/www.senzani.com\/es\/#organization","name":"Senzani Brevetti","url":"https:\/\/www.senzani.com\/es\/","logo":{"@type":"ImageObject","inLanguage":"es","@id":"https:\/\/www.senzani.com\/es\/#\/schema\/logo\/image\/","url":"https:\/\/www.senzani.com\/wp-content\/uploads\/2020\/03\/logo-senzani.png","contentUrl":"https:\/\/www.senzani.com\/wp-content\/uploads\/2020\/03\/logo-senzani.png","width":259,"height":71,"caption":"Senzani Brevetti"},"image":{"@id":"https:\/\/www.senzani.com\/es\/#\/schema\/logo\/image\/"}}]}},"_links":{"self":[{"href":"https:\/\/www.senzani.com\/es\/wp-json\/wp\/v2\/pages\/23235","targetHints":{"allow":["GET"]}}],"collection":[{"href":"https:\/\/www.senzani.com\/es\/wp-json\/wp\/v2\/pages"}],"about":[{"href":"https:\/\/www.senzani.com\/es\/wp-json\/wp\/v2\/types\/page"}],"author":[{"embeddable":true,"href":"https:\/\/www.senzani.com\/es\/wp-json\/wp\/v2\/users\/4"}],"replies":[{"embeddable":true,"href":"https:\/\/www.senzani.com\/es\/wp-json\/wp\/v2\/comments?post=23235"}],"version-history":[{"count":3,"href":"https:\/\/www.senzani.com\/es\/wp-json\/wp\/v2\/pages\/23235\/revisions"}],"predecessor-version":[{"id":23238,"href":"https:\/\/www.senzani.com\/es\/wp-json\/wp\/v2\/pages\/23235\/revisions\/23238"}],"wp:attachment":[{"href":"https:\/\/www.senzani.com\/es\/wp-json\/wp\/v2\/media?parent=23235"}],"curies":[{"name":"wp","href":"https:\/\/api.w.org\/{rel}","templated":true}]}}